{"id":4404,"date":"2026-03-10T13:12:44","date_gmt":"2026-03-10T13:12:44","guid":{"rendered":"https:\/\/triskell.ch\/index.php\/wedding-couples-say\/"},"modified":"2026-03-25T04:53:26","modified_gmt":"2026-03-25T04:53:26","slug":"wedding-couples-say","status":"publish","type":"page","link":"https:\/\/triskell.ch\/fr\/wedding-couples-say\/","title":{"rendered":"WEDDING COUPLES SAY"},"content":{"rendered":"\t\t<div data-elementor-type=\"wp-page\" data-elementor-id=\"4404\" class=\"elementor elementor-4404 elementor-3985\">\n\t\t\t\t\t\t<div class=\"elementor-section elementor-top-section elementor-element elementor-element-620ab77 elementor-section-boxed elementor-section-height-default elementor-section-height-default wpr-particle-no wpr-jarallax-no wpr-parallax-no wpr-sticky-section-no\" data-id=\"620ab77\" data-element_type=\"section\" data-e-type=\"section\" data-settings=\"{&quot;background_background&quot;:&quot;classic&quot;,&quot;background_motion_fx_motion_fx_scrolling&quot;:&quot;yes&quot;,&quot;background_motion_fx_translateY_effect&quot;:&quot;yes&quot;,&quot;background_motion_fx_translateY_speed&quot;:{&quot;unit&quot;:&quot;px&quot;,&quot;size&quot;:3,&quot;sizes&quot;:[]},&quot;background_motion_fx_translateY_affectedRange&quot;:{&quot;unit&quot;:&quot;%&quot;,&quot;size&quot;:&quot;&quot;,&quot;sizes&quot;:{&quot;start&quot;:20,&quot;end&quot;:80}},&quot;background_motion_fx_devices&quot;:[&quot;desktop&quot;,&quot;tablet&quot;,&quot;mobile&quot;]}\">\n\t\t\t\t\t\t\t<div class=\"elementor-background-overlay\"><\/div>\n\t\t\t\t\t\t\t<div class=\"elementor-container elementor-column-gap-no\">\n\t\t\t\t\t<div class=\"elementor-column elementor-col-100 elementor-top-column elementor-element elementor-element-93219d3\" data-id=\"93219d3\" data-element_type=\"column\" data-e-type=\"column\">\n\t\t\t<div class=\"elementor-widget-wrap elementor-element-populated\">\n\t\t\t\t\t\t<div class=\"elementor-element elementor-element-7e6af84 elementor-widget elementor-widget-heading\" data-id=\"7e6af84\" data-element_type=\"widget\" data-e-type=\"widget\" data-widget_type=\"heading.default\">\n\t\t\t\t\t<h2 class=\"elementor-heading-title elementor-size-default\">COUPLES DE MARIAGE<\/h2>\t\t\t\t<\/div>\n\t\t\t\t\t<\/div>\n\t\t<\/div>\n\t\t\t\t\t<\/div>\n\t\t<\/div>\n\t\t\t\t<div class=\"elementor-section elementor-top-section elementor-element elementor-element-2c3e197 elementor-section-content-middle elementor-section-boxed elementor-section-height-default elementor-section-height-default wpr-particle-no wpr-jarallax-no wpr-parallax-no wpr-sticky-section-no\" data-id=\"2c3e197\" data-element_type=\"section\" data-e-type=\"section\" data-settings=\"{&quot;background_background&quot;:&quot;classic&quot;}\">\n\t\t\t\t\t\t<div class=\"elementor-container elementor-column-gap-no\">\n\t\t\t\t\t<div class=\"elementor-column elementor-col-100 elementor-top-column elementor-element elementor-element-cfbfb15\" data-id=\"cfbfb15\" data-element_type=\"column\" data-e-type=\"column\">\n\t\t\t<div class=\"elementor-widget-wrap elementor-element-populated\">\n\t\t\t\t\t\t<div class=\"elementor-element elementor-element-c24a0b6 elementor-widget elementor-widget-lastudio-testimonials\" data-id=\"c24a0b6\" data-element_type=\"widget\" data-e-type=\"widget\" data-widget_type=\"lastudio-testimonials.default\">\n\t\t\t\t<div class=\"elementor-widget-container\">\n\t\t\t\t\t\n<div class=\"lastudio-testimonials preset-type-5\">\n\t<div class=\"grid-items block-grid-1\"  dir=\"ltr\"><div class=\"lastudio-testimonials__item grid-item\">\n\t<div class=\"lastudio-testimonials__item-inner\">\n\t\t<div class=\"lastudio-testimonials__content\"><div class=\"lastudio-testimonials__figure\"><div class=\"lastudio-testimonials__tag-img la-lazyload-image\" data-background-image=\"https:\/\/triskell.ch\/wp-content\/uploads\/2026\/03\/t1-1-720x720-1.jpg\"><\/div><\/div><div class=\"lastudio-testimonials__comment\"><div>Liebi Andrea. Mir m\u00f6chte dir f\u00fcr die wunderbari Zeremonie danke! Dini Wort hei e unverg\u00e4ssleche Tag igl\u00fcte wo f\u00fcr immer i \u00fcsne H\u00e4rze wird blibe. MERCI merci merci tuusig mou \u2665\ufe0f\u2665\ufe0f\n\n<\/div><\/div><div class=\"lastudio-testimonials__name\"><span>Val\u00e9rie & Sven<\/span><\/div><div class=\"lastudio-testimonials__rating\"><span class=\"star-rating\"><span style=\"width: 100%\"><\/span><\/span><\/div><\/div>\n\t<\/div>\n<\/div><div class=\"lastudio-testimonials__item grid-item\">\n\t<div class=\"lastudio-testimonials__item-inner\">\n\t\t<div class=\"lastudio-testimonials__content\"><div class=\"lastudio-testimonials__figure\"><div class=\"lastudio-testimonials__tag-img la-lazyload-image\" data-background-image=\"https:\/\/triskell.ch\/wp-content\/uploads\/2026\/03\/t2-720x720-1.jpg\"><\/div><\/div><div class=\"lastudio-testimonials__comment\"><div>Danke Andrea!\u2764 Du hast unser Tag mit deiner Trauung, zu etwas sehr besonderem gemacht!<\/div><\/div><div class=\"lastudio-testimonials__name\"><span>Fabienne & Marc<\/span><\/div><div class=\"lastudio-testimonials__rating\"><span class=\"star-rating\"><span style=\"width: 100%\"><\/span><\/span><\/div><\/div>\n\t<\/div>\n<\/div><div class=\"lastudio-testimonials__item grid-item\">\n\t<div class=\"lastudio-testimonials__item-inner\">\n\t\t<div class=\"lastudio-testimonials__content\"><div class=\"lastudio-testimonials__figure\"><div class=\"lastudio-testimonials__tag-img la-lazyload-image\" data-background-image=\"https:\/\/triskell.ch\/wp-content\/uploads\/2026\/03\/t3-1-720x720-1.jpg\"><\/div><\/div><div class=\"lastudio-testimonials__comment\"><div>Andrea hat bei unserem sch\u00f6nsten Tag im Leben mit der Gestaltung unserer Freien Zeremonie all unsere Erwartungen viel mehr als nur \u00fcbertroffen.\n<\/div><\/div><div class=\"lastudio-testimonials__name\"><span>Sue & Beat<\/span><\/div><div class=\"lastudio-testimonials__rating\"><span class=\"star-rating\"><span style=\"width: 100%\"><\/span><\/span><\/div><\/div>\n\t<\/div>\n<\/div><div class=\"lastudio-testimonials__item grid-item\">\n\t<div class=\"lastudio-testimonials__item-inner\">\n\t\t<div class=\"lastudio-testimonials__content\"><div class=\"lastudio-testimonials__figure\"><div class=\"lastudio-testimonials__tag-img la-lazyload-image\" data-background-image=\"https:\/\/triskell.ch\/wp-content\/uploads\/2026\/03\/t4-1-720x720-1.jpg\"><\/div><\/div><div class=\"lastudio-testimonials__comment\"><div>Als Traurednerin hast du unsere Zeremonie mit uns geplant und geleitet. \u00dcber die pers\u00f6nlichen Worte an der Trauung, deine Professionalit\u00e4t und deine herzliche Art haben wir uns sehr gefreut. Nicht nur wir, sondern auch alle unsere G\u00e4ste waren begeistert von dir. Nochmals danke f\u00fcr Alles. Wir k\u00f6nnen dich w\u00e4rmstens weiterempfehlen. \u2013 Ralph & Selina<\/div><\/div><div class=\"lastudio-testimonials__name\"><span>Selina & Ralph<\/span><\/div><div class=\"lastudio-testimonials__rating\"><span class=\"star-rating\"><span style=\"width: 100%\"><\/span><\/span><\/div><\/div>\n\t<\/div>\n<\/div><div class=\"lastudio-testimonials__item grid-item\">\n\t<div class=\"lastudio-testimonials__item-inner\">\n\t\t<div class=\"lastudio-testimonials__content\"><div class=\"lastudio-testimonials__figure\"><div class=\"lastudio-testimonials__tag-img la-lazyload-image\" data-background-image=\"https:\/\/triskell.ch\/wp-content\/uploads\/2026\/03\/t5-1-720x720-1.jpg\"><\/div><\/div><div class=\"lastudio-testimonials__comment\"><div>Ein riesengrosses Dankesch\u00f6n f\u00fcr die unglaublich sch\u00f6ne und pers\u00f6nliche Trauung. Das hast du perfekt gemacht! Es hat f\u00fcr Florian und mich so gut gepasst und wir konnten jede Minute geniessen. Deine Worte haben nicht nur uns, sondern auch unsere G\u00e4ste sehr ber\u00fchrt und wir haben von ganz vielen die Frage geh\u00f6rt, ob du eine Freundin von uns seist. Das scheint mir ein eindeutiges Zeichen, wie pers\u00f6nlich die Trauung war. Vielen vielen Dank!<\/div><\/div><div class=\"lastudio-testimonials__name\"><span>Jaana & Florian<\/span><\/div><div class=\"lastudio-testimonials__rating\"><span class=\"star-rating\"><span style=\"width: 100%\"><\/span><\/span><\/div><\/div>\n\t<\/div>\n<\/div><div class=\"lastudio-testimonials__item grid-item\">\n\t<div class=\"lastudio-testimonials__item-inner\">\n\t\t<div class=\"lastudio-testimonials__content\"><div class=\"lastudio-testimonials__figure\"><div class=\"lastudio-testimonials__tag-img la-lazyload-image\" data-background-image=\"https:\/\/triskell.ch\/wp-content\/uploads\/2026\/03\/t6-1-720x720-1.jpg\"><\/div><\/div><div class=\"lastudio-testimonials__comment\"><div>Wir bedanken uns von Herzen bei Andrea. Andrea ber\u00fchrte uns und unsere G\u00e4ste mit ihren Worten. Andrea ber\u00fchrte nicht nur unsere Schweizer G\u00e4ste, sondern auch unsere franz\u00f6sischsprechenden G\u00e4ste. Andrea hat mit der Gestaltung unserer Freien Zeremonie all unsere Erwartungen \u00fcbertroffen. Wir erhielten von unseren G\u00e4sten sehr sch\u00f6ne und liebevolle Feedbacks f\u00fcr Andrea. Ja, wir empfehlen Andrea von Herzen weiter.<\/div><\/div><div class=\"lastudio-testimonials__name\"><span>Eva & Dominik<\/span><\/div><div class=\"lastudio-testimonials__rating\"><span class=\"star-rating\"><span style=\"width: 100%\"><\/span><\/span><\/div><\/div>\n\t<\/div>\n<\/div><div class=\"lastudio-testimonials__item grid-item\">\n\t<div class=\"lastudio-testimonials__item-inner\">\n\t\t<div class=\"lastudio-testimonials__content\"><div class=\"lastudio-testimonials__figure\"><div class=\"lastudio-testimonials__tag-img la-lazyload-image\" data-background-image=\"https:\/\/triskell.ch\/wp-content\/uploads\/2026\/03\/t7-1-300x300-1.jpg\"><\/div><\/div><div class=\"lastudio-testimonials__comment\"><div>Wir danken Dir nochmals von Herzen f\u00fcr die mega sch\u00f6ne Trauung! So sch\u00f6ne Worte hatest du f\u00fcr uns!<\/div><\/div><div class=\"lastudio-testimonials__name\"><span>Michelle & Sandro<\/span><\/div><div class=\"lastudio-testimonials__rating\"><span class=\"star-rating\"><span style=\"width: 100%\"><\/span><\/span><\/div><\/div>\n\t<\/div>\n<\/div><div class=\"lastudio-testimonials__item grid-item\">\n\t<div class=\"lastudio-testimonials__item-inner\">\n\t\t<div class=\"lastudio-testimonials__content\"><div class=\"lastudio-testimonials__figure\"><div class=\"lastudio-testimonials__tag-img la-lazyload-image\" data-background-image=\"https:\/\/triskell.ch\/wp-content\/uploads\/2026\/03\/t8-2-720x720-1.jpg\"><\/div><\/div><div class=\"lastudio-testimonials__comment\"><div>Andrea hat uns eine wundersch\u00f6ne Zeremonie bereitet, die nicht nur uns, sondern auch der gesamten Hochzeitsgesellschaft sehr gut gefallen hat. Wir empfehlen Andrea vorbehaltlos weiter\u2026<\/div><\/div><div class=\"lastudio-testimonials__name\"><span>Lilo & Roli<\/span><\/div><div class=\"lastudio-testimonials__rating\"><span class=\"star-rating\"><span style=\"width: 100%\"><\/span><\/span><\/div><\/div>\n\t<\/div>\n<\/div><div class=\"lastudio-testimonials__item grid-item\">\n\t<div class=\"lastudio-testimonials__item-inner\">\n\t\t<div class=\"lastudio-testimonials__content\"><div class=\"lastudio-testimonials__figure\"><div class=\"lastudio-testimonials__tag-img la-lazyload-image\" data-background-image=\"https:\/\/triskell.ch\/wp-content\/uploads\/2026\/03\/t9-1-720x720-1.jpg\"><\/div><\/div><div class=\"lastudio-testimonials__comment\"><div>Wir m\u00f6chten uns von Herzen bei Dir f\u00fcr Deinen grossartigen Einsatz an unserer Hochzeit bedanken. Deine Worte haben uns ber\u00fchrt. Dieser Tag wird uns immer in sch\u00f6nster Erinnerung bleiben! Alles Liebe, C\u00e9line & Etienne<\/div><\/div><div class=\"lastudio-testimonials__name\"><span>C\u00e9line & Etienne<\/span><\/div><div class=\"lastudio-testimonials__rating\"><span class=\"star-rating\"><span style=\"width: 100%\"><\/span><\/span><\/div><\/div>\n\t<\/div>\n<\/div><div class=\"lastudio-testimonials__item grid-item\">\n\t<div class=\"lastudio-testimonials__item-inner\">\n\t\t<div class=\"lastudio-testimonials__content\"><div class=\"lastudio-testimonials__figure\"><div class=\"lastudio-testimonials__tag-img la-lazyload-image\" data-background-image=\"https:\/\/triskell.ch\/wp-content\/uploads\/2026\/03\/t10-1-150x150-1.jpg\"><\/div><\/div><div class=\"lastudio-testimonials__comment\"><div>Mit ihrer liebevollen, ber\u00fchrenden Art hat Andrea zu einem wesentlichen Teil zum Gelingen unsere Hochzeit beigetragen. Wir w\u00fcrden sie jederzeit weiterempfehlen!<\/div><\/div><div class=\"lastudio-testimonials__name\"><span>Sandro & Mirjam<\/span><\/div><div class=\"lastudio-testimonials__rating\"><span class=\"star-rating\"><span style=\"width: 100%\"><\/span><\/span><\/div><\/div>\n\t<\/div>\n<\/div><div class=\"lastudio-testimonials__item grid-item\">\n\t<div class=\"lastudio-testimonials__item-inner\">\n\t\t<div class=\"lastudio-testimonials__content\"><div class=\"lastudio-testimonials__figure\"><div class=\"lastudio-testimonials__tag-img la-lazyload-image\" data-background-image=\"https:\/\/triskell.ch\/wp-content\/uploads\/2026\/03\/t11-Copy-720x720-1.jpg\"><\/div><\/div><div class=\"lastudio-testimonials__comment\"><div>Du hast unseren Hochzeitstag zum perfekten Tag gemacht. Deine tollen Worte haben nicht nur uns sondern auch unsere G\u00e4ste zu Tr\u00e4nen ger\u00fchrt. Besten Dank f\u00fcr alles. Wir k\u00f6nnen dich mit ganzem Herzen weiterempfehlen.<\/div><\/div><div class=\"lastudio-testimonials__name\"><span>Olivia & Patrick<\/span><\/div><div class=\"lastudio-testimonials__rating\"><span class=\"star-rating\"><span style=\"width: 100%\"><\/span><\/span><\/div><\/div>\n\t<\/div>\n<\/div><div class=\"lastudio-testimonials__item grid-item\">\n\t<div class=\"lastudio-testimonials__item-inner\">\n\t\t<div class=\"lastudio-testimonials__content\"><div class=\"lastudio-testimonials__figure\"><div class=\"lastudio-testimonials__tag-img la-lazyload-image\" data-background-image=\"https:\/\/triskell.ch\/wp-content\/uploads\/2026\/03\/t12-1-150x150-1.jpg\"><\/div><\/div><div class=\"lastudio-testimonials__comment\"><div>Die Traurede war wundersch\u00f6n und hat uns und auch die G\u00e4ste sehr ber\u00fchrt. Vielen, vielen Dank f\u00fcr deine wunderbare Arbeit und die liebevolle Gestaltung f\u00fcr den emotionalen H\u00f6hepunkt unserer Hochzeit! Wir empfehlen Andrea jedem Paar weiter, welches eine stimmige Hochzeitszeremonie m\u00f6chte.<\/div><\/div><div class=\"lastudio-testimonials__name\"><span>Lydia & Ren\u00e9<\/span><\/div><div class=\"lastudio-testimonials__rating\"><span class=\"star-rating\"><span style=\"width: 100%\"><\/span><\/span><\/div><\/div>\n\t<\/div>\n<\/div><div class=\"lastudio-testimonials__item grid-item\">\n\t<div class=\"lastudio-testimonials__item-inner\">\n\t\t<div class=\"lastudio-testimonials__content\"><div class=\"lastudio-testimonials__figure\"><div class=\"lastudio-testimonials__tag-img la-lazyload-image\" data-background-image=\"https:\/\/triskell.ch\/wp-content\/uploads\/2026\/03\/t13-300x300-1.jpg\"><\/div><\/div><div class=\"lastudio-testimonials__comment\"><div>Ganz fest zu empfehlen. W\u00fcrde immer wieder Andrea w\u00e4hlen!<\/div><\/div><div class=\"lastudio-testimonials__name\"><span>Melanie & Thomas<\/span><\/div><div class=\"lastudio-testimonials__rating\"><span class=\"star-rating\"><span style=\"width: 100%\"><\/span><\/span><\/div><\/div>\n\t<\/div>\n<\/div><div class=\"lastudio-testimonials__item grid-item\">\n\t<div class=\"lastudio-testimonials__item-inner\">\n\t\t<div class=\"lastudio-testimonials__content\"><div class=\"lastudio-testimonials__figure\"><div class=\"lastudio-testimonials__tag-img la-lazyload-image\" data-background-image=\"https:\/\/triskell.ch\/wp-content\/uploads\/2026\/03\/t14-1-720x720-1.jpg\"><\/div><\/div><div class=\"lastudio-testimonials__comment\"><div>Du bisch perfekt gsi f\u00fcr \u00fcs. Mir h\u00e4tt\u00e4 \u00fcs ke sch\u00f6neri Zeremonie ch\u00f6nn\u00e4 w\u00fcnsche. Merci f\u00fcr aues!<\/div><\/div><div class=\"lastudio-testimonials__name\"><span>Rebecca & Nicolas<\/span><\/div><div class=\"lastudio-testimonials__rating\"><span class=\"star-rating\"><span style=\"width: 100%\"><\/span><\/span><\/div><\/div>\n\t<\/div>\n<\/div><div class=\"lastudio-testimonials__item grid-item\">\n\t<div class=\"lastudio-testimonials__item-inner\">\n\t\t<div class=\"lastudio-testimonials__content\"><div class=\"lastudio-testimonials__figure\"><div class=\"lastudio-testimonials__tag-img la-lazyload-image\" data-background-image=\"https:\/\/triskell.ch\/wp-content\/uploads\/2026\/03\/t15-1-150x150-1.jpg\"><\/div><\/div><div class=\"lastudio-testimonials__comment\"><div>Mir danke Dir vo ganzem H\u00e4rze, dass Du \u00fcse gross Tag perfekt gmacht hesch. Dini Trouig isch f\u00fcr \u00fcs soooo \u00e4rde- u himmelsch\u00f6n gsi. Mir hei immer no H\u00fcenerhut we mer d F\u00f6teli aluege. Danke f\u00fcr Aues! Du bisch wunderbar.<\/div><\/div><div class=\"lastudio-testimonials__name\"><span>Manuela & Lucien<\/span><\/div><div class=\"lastudio-testimonials__rating\"><span class=\"star-rating\"><span style=\"width: 100%\"><\/span><\/span><\/div><\/div>\n\t<\/div>\n<\/div><div class=\"lastudio-testimonials__item grid-item\">\n\t<div class=\"lastudio-testimonials__item-inner\">\n\t\t<div class=\"lastudio-testimonials__content\"><div class=\"lastudio-testimonials__figure\"><div class=\"lastudio-testimonials__tag-img la-lazyload-image\" data-background-image=\"https:\/\/triskell.ch\/wp-content\/uploads\/2026\/03\/t16-1-150x150-1.jpg\"><\/div><\/div><div class=\"lastudio-testimonials__comment\"><div>Danke f\u00fcr Deine wunderbare Begleitung, Deine Energie und Emotionen! Du hast diesen Tag f\u00fcr uns zu etwas ganz Besonderem gemacht. Wir hatten grosse Freue und denken gerne daran zur\u00fcck!<\/div><\/div><div class=\"lastudio-testimonials__name\"><span>Vincent & Barbara<\/span><\/div><div class=\"lastudio-testimonials__rating\"><span class=\"star-rating\"><span style=\"width: 100%\"><\/span><\/span><\/div><\/div>\n\t<\/div>\n<\/div><div class=\"lastudio-testimonials__item grid-item\">\n\t<div class=\"lastudio-testimonials__item-inner\">\n\t\t<div class=\"lastudio-testimonials__content\"><div class=\"lastudio-testimonials__figure\"><div class=\"lastudio-testimonials__tag-img la-lazyload-image\" data-background-image=\"https:\/\/triskell.ch\/wp-content\/uploads\/2026\/03\/t17-1-150x150-1.jpg\"><\/div><\/div><div class=\"lastudio-testimonials__comment\"><div>Wir danken Dir f\u00fcr die wundersch\u00f6ne Trauung!\n\n<\/div><\/div><div class=\"lastudio-testimonials__name\"><span>Stephanie & Christian<\/span><\/div><div class=\"lastudio-testimonials__rating\"><span class=\"star-rating\"><span style=\"width: 100%\"><\/span><\/span><\/div><\/div>\n\t<\/div>\n<\/div><\/div>\n<\/div>\t\t\t\t<\/div>\n\t\t\t\t<\/div>\n\t\t\t\t\t<\/div>\n\t\t<\/div>\n\t\t\t\t\t<\/div>\n\t\t<\/div>\n\t\t\t\t<\/div>\n\t\t","protected":false},"excerpt":{"rendered":"<p>COUPLES DE MARIAGE Liebi Andrea. Mir m\u00f6chte dir f\u00fcr die wunderbari Zeremonie danke! Dini Wort hei e unverg\u00e4ssleche Tag igl\u00fcte wo f\u00fcr immer i \u00fcsne H\u00e4rze wird blibe. MERCI merci merci tuusig mou \u2665\ufe0f\u2665\ufe0f Val\u00e9rie &#038; Sven<\/p>\n","protected":false},"author":1,"featured_media":0,"parent":0,"menu_order":0,"comment_status":"closed","ping_status":"closed","template":"","meta":{"_acf_changed":false,"footnotes":""},"class_list":["post-4404","page","type-page","status-publish","hentry"],"acf":[],"_links":{"self":[{"href":"https:\/\/triskell.ch\/fr\/wp-json\/wp\/v2\/pages\/4404","targetHints":{"allow":["GET"]}}],"collection":[{"href":"https:\/\/triskell.ch\/fr\/wp-json\/wp\/v2\/pages"}],"about":[{"href":"https:\/\/triskell.ch\/fr\/wp-json\/wp\/v2\/types\/page"}],"author":[{"embeddable":true,"href":"https:\/\/triskell.ch\/fr\/wp-json\/wp\/v2\/users\/1"}],"replies":[{"embeddable":true,"href":"https:\/\/triskell.ch\/fr\/wp-json\/wp\/v2\/comments?post=4404"}],"version-history":[{"count":22,"href":"https:\/\/triskell.ch\/fr\/wp-json\/wp\/v2\/pages\/4404\/revisions"}],"predecessor-version":[{"id":9892,"href":"https:\/\/triskell.ch\/fr\/wp-json\/wp\/v2\/pages\/4404\/revisions\/9892"}],"wp:attachment":[{"href":"https:\/\/triskell.ch\/fr\/wp-json\/wp\/v2\/media?parent=4404"}],"curies":[{"name":"wp","href":"https:\/\/api.w.org\/{rel}","templated":true}]}}